{"id":22588,"date":"2026-04-30T12:10:01","date_gmt":"2026-04-30T15:10:01","guid":{"rendered":"https:\/\/gtautomoveislimeira.com.br\/index.php\/produto\/civic-sedan-exs-1-8-1-8-flex-16v-aut-4p\/"},"modified":"2026-04-30T12:10:01","modified_gmt":"2026-04-30T15:10:01","slug":"civic-sedan-exs-1-8-1-8-flex-16v-aut-4p","status":"publish","type":"product","link":"https:\/\/gtautomoveislimeira.com.br\/index.php\/produto\/civic-sedan-exs-1-8-1-8-flex-16v-aut-4p\/","title":{"rendered":"Civic Sedan EXS 1.8 1.8 Flex 16V Aut. 4p"},"content":{"rendered":"<p><strong>Opcionais<\/strong>: <br \/>Airbag motorista<br \/>Airbag passageiro<br \/>Alarme<br \/>Ar Condicionado<br \/>Banco do Motorista com regulagem de altura<br \/>Banco traseiro rebat\u00edvel<br \/>Bancos de Couro<br \/>C\u00e2mera de R\u00e9<br \/>CD player<br \/>Computador de Bordo<br \/>Controle de som no volante<br \/>Desemba\u00e7ador Traseiro<br \/>Dire\u00e7\u00e3o Hidr\u00e1ulica<br \/>Encosto cab. traseiro<br \/>Freios ABS<br \/>Painel colorido<br \/>Parachoque na Cor<br \/>Porta copos<br \/>R\u00e1dio AM\/FM<br \/>Regulagem de Volante<br \/>Rodas de liga leve<br \/>Teto Solar<br \/>Travas El\u00e9tricas<br \/>Vidros el\u00e9tricos<\/p>\n","protected":false},"excerpt":{"rendered":"<p>Opcionais: Airbag motoristaAirbag passageiroAlarmeAr CondicionadoBanco do Motorista com regulagem de alturaBanco traseiro rebat\u00edvelBancos de CouroC\u00e2mera de R\u00e9CD playerComputador de BordoControle de som no volanteDesemba\u00e7ador TraseiroDire\u00e7\u00e3o Hidr\u00e1ulicaEncosto cab. traseiroFreios ABSPainel coloridoParachoque na CorPorta coposR\u00e1dio AM\/FMRegulagem de VolanteRodas de liga leveTeto SolarTravas El\u00e9tricasVidros el\u00e9tricos<\/p>\n","protected":false},"featured_media":22577,"comment_status":"open","ping_status":"closed","template":"","meta":{"_joinchat":[]},"product_brand":[],"product_cat":[22],"product_tag":[],"class_list":{"0":"post-22588","1":"product","2":"type-product","3":"status-publish","4":"has-post-thumbnail","6":"product_cat-sem-categoria","8":"first","9":"instock","10":"shipping-taxable","11":"purchasable","12":"product-type-simple"},"yoast_head":"<!-- This site is optimized with the Yoast SEO Premium plugin v18.6 (Yoast SEO v27.5) - https:\/\/yoast.com\/product\/yoast-seo-premium-wordpress\/ -->\n<title>Civic Sedan EXS 1.8 1.8 Flex 16V Aut. 4p - gtautomoveis<\/title>\n<meta name=\"robots\" content=\"index, follow, max-snippet:-1, max-image-preview:large, max-video-preview:-1\" \/>\n<link rel=\"canonical\" href=\"https:\/\/gtautomoveislimeira.com.br\/index.php\/produto\/civic-sedan-exs-1-8-1-8-flex-16v-aut-4p\/\" \/>\n<meta property=\"og:locale\" content=\"pt_BR\" \/>\n<meta property=\"og:type\" content=\"article\" \/>\n<meta property=\"og:title\" content=\"Civic Sedan EXS 1.8 1.8 Flex 16V Aut. 4p\" \/>\n<meta property=\"og:description\" content=\"Opcionais: Airbag motoristaAirbag passageiroAlarmeAr CondicionadoBanco do Motorista com regulagem de alturaBanco traseiro rebat\u00edvelBancos de CouroC\u00e2mera de R\u00e9CD playerComputador de BordoControle de som no volanteDesemba\u00e7ador TraseiroDire\u00e7\u00e3o Hidr\u00e1ulicaEncosto cab. traseiroFreios ABSPainel coloridoParachoque na CorPorta coposR\u00e1dio AM\/FMRegulagem de VolanteRodas de liga leveTeto SolarTravas El\u00e9tricasVidros el\u00e9tricos\" \/>\n<meta property=\"og:url\" content=\"https:\/\/gtautomoveislimeira.com.br\/index.php\/produto\/civic-sedan-exs-1-8-1-8-flex-16v-aut-4p\/\" \/>\n<meta property=\"og:site_name\" content=\"gtautomoveis\" \/>\n<meta property=\"article:publisher\" content=\"https:\/\/www.facebook.com\/people\/Gt-automveis\/100063469242310\/\" \/>\n<meta name=\"twitter:card\" content=\"summary_large_image\" \/>\n<script type=\"application\/ld+json\" class=\"yoast-schema-graph\">{\"@context\":\"https:\\\/\\\/schema.org\",\"@graph\":[{\"@type\":\"WebPage\",\"@id\":\"https:\\\/\\\/gtautomoveislimeira.com.br\\\/index.php\\\/produto\\\/civic-sedan-exs-1-8-1-8-flex-16v-aut-4p\\\/\",\"url\":\"https:\\\/\\\/gtautomoveislimeira.com.br\\\/index.php\\\/produto\\\/civic-sedan-exs-1-8-1-8-flex-16v-aut-4p\\\/\",\"name\":\"Civic Sedan EXS 1.8 1.8 Flex 16V Aut. 4p - gtautomoveis\",\"isPartOf\":{\"@id\":\"https:\\\/\\\/gtautomoveislimeira.com.br\\\/#website\"},\"primaryImageOfPage\":{\"@id\":\"https:\\\/\\\/gtautomoveislimeira.com.br\\\/index.php\\\/produto\\\/civic-sedan-exs-1-8-1-8-flex-16v-aut-4p\\\/#primaryimage\"},\"image\":{\"@id\":\"https:\\\/\\\/gtautomoveislimeira.com.br\\\/index.php\\\/produto\\\/civic-sedan-exs-1-8-1-8-flex-16v-aut-4p\\\/#primaryimage\"},\"thumbnailUrl\":\"https:\\\/\\\/gtautomoveislimeira.com.br\\\/wp-content\\\/uploads\\\/2026\\\/04\\\/gb-f2dc04f.jpeg\",\"datePublished\":\"2026-04-30T15:10:01+00:00\",\"breadcrumb\":{\"@id\":\"https:\\\/\\\/gtautomoveislimeira.com.br\\\/index.php\\\/produto\\\/civic-sedan-exs-1-8-1-8-flex-16v-aut-4p\\\/#breadcrumb\"},\"inLanguage\":\"pt-BR\",\"potentialAction\":[{\"@type\":\"ReadAction\",\"target\":[\"https:\\\/\\\/gtautomoveislimeira.com.br\\\/index.php\\\/produto\\\/civic-sedan-exs-1-8-1-8-flex-16v-aut-4p\\\/\"]}]},{\"@type\":\"ImageObject\",\"inLanguage\":\"pt-BR\",\"@id\":\"https:\\\/\\\/gtautomoveislimeira.com.br\\\/index.php\\\/produto\\\/civic-sedan-exs-1-8-1-8-flex-16v-aut-4p\\\/#primaryimage\",\"url\":\"https:\\\/\\\/gtautomoveislimeira.com.br\\\/wp-content\\\/uploads\\\/2026\\\/04\\\/gb-f2dc04f.jpeg\",\"contentUrl\":\"https:\\\/\\\/gtautomoveislimeira.com.br\\\/wp-content\\\/uploads\\\/2026\\\/04\\\/gb-f2dc04f.jpeg\",\"width\":1024,\"height\":1024},{\"@type\":\"BreadcrumbList\",\"@id\":\"https:\\\/\\\/gtautomoveislimeira.com.br\\\/index.php\\\/produto\\\/civic-sedan-exs-1-8-1-8-flex-16v-aut-4p\\\/#breadcrumb\",\"itemListElement\":[{\"@type\":\"ListItem\",\"position\":1,\"name\":\"In\u00edcio\",\"item\":\"https:\\\/\\\/gtautomoveislimeira.com.br\\\/\"},{\"@type\":\"ListItem\",\"position\":2,\"name\":\"Loja\",\"item\":\"https:\\\/\\\/gtautomoveislimeira.com.br\\\/index.php\\\/loja\\\/\"},{\"@type\":\"ListItem\",\"position\":3,\"name\":\"Civic Sedan EXS 1.8 1.8 Flex 16V Aut. 4p\"}]},{\"@type\":\"WebSite\",\"@id\":\"https:\\\/\\\/gtautomoveislimeira.com.br\\\/#website\",\"url\":\"https:\\\/\\\/gtautomoveislimeira.com.br\\\/\",\"name\":\"gtautomoveis\",\"description\":\"\",\"publisher\":{\"@id\":\"https:\\\/\\\/gtautomoveislimeira.com.br\\\/#organization\"},\"potentialAction\":[{\"@type\":\"SearchAction\",\"target\":{\"@type\":\"EntryPoint\",\"urlTemplate\":\"https:\\\/\\\/gtautomoveislimeira.com.br\\\/?s={search_term_string}\"},\"query-input\":{\"@type\":\"PropertyValueSpecification\",\"valueRequired\":true,\"valueName\":\"search_term_string\"}}],\"inLanguage\":\"pt-BR\"},{\"@type\":\"Organization\",\"@id\":\"https:\\\/\\\/gtautomoveislimeira.com.br\\\/#organization\",\"name\":\"gtautomoveis\",\"url\":\"https:\\\/\\\/gtautomoveislimeira.com.br\\\/\",\"logo\":{\"@type\":\"ImageObject\",\"inLanguage\":\"pt-BR\",\"@id\":\"https:\\\/\\\/gtautomoveislimeira.com.br\\\/#\\\/schema\\\/logo\\\/image\\\/\",\"url\":\"https:\\\/\\\/gtautomoveislimeira.com.br\\\/wp-content\\\/uploads\\\/2023\\\/03\\\/Design-sem-nome-e1653954456182-768x768-1.png\",\"contentUrl\":\"https:\\\/\\\/gtautomoveislimeira.com.br\\\/wp-content\\\/uploads\\\/2023\\\/03\\\/Design-sem-nome-e1653954456182-768x768-1.png\",\"width\":768,\"height\":768,\"caption\":\"gtautomoveis\"},\"image\":{\"@id\":\"https:\\\/\\\/gtautomoveislimeira.com.br\\\/#\\\/schema\\\/logo\\\/image\\\/\"},\"sameAs\":[\"https:\\\/\\\/www.facebook.com\\\/people\\\/Gt-automveis\\\/100063469242310\\\/\",\"https:\\\/\\\/www.instagram.com\\\/gt.automoveis_limeira\\\/\"]}]}<\/script>\n<!-- \/ Yoast SEO Premium plugin. -->","yoast_head_json":{"title":"Civic Sedan EXS 1.8 1.8 Flex 16V Aut. 4p - gtautomoveis","robots":{"index":"index","follow":"follow","max-snippet":"max-snippet:-1","max-image-preview":"max-image-preview:large","max-video-preview":"max-video-preview:-1"},"canonical":"https:\/\/gtautomoveislimeira.com.br\/index.php\/produto\/civic-sedan-exs-1-8-1-8-flex-16v-aut-4p\/","og_locale":"pt_BR","og_type":"article","og_title":"Civic Sedan EXS 1.8 1.8 Flex 16V Aut. 4p","og_description":"Opcionais: Airbag motoristaAirbag passageiroAlarmeAr CondicionadoBanco do Motorista com regulagem de alturaBanco traseiro rebat\u00edvelBancos de CouroC\u00e2mera de R\u00e9CD playerComputador de BordoControle de som no volanteDesemba\u00e7ador TraseiroDire\u00e7\u00e3o Hidr\u00e1ulicaEncosto cab. traseiroFreios ABSPainel coloridoParachoque na CorPorta coposR\u00e1dio AM\/FMRegulagem de VolanteRodas de liga leveTeto SolarTravas El\u00e9tricasVidros el\u00e9tricos","og_url":"https:\/\/gtautomoveislimeira.com.br\/index.php\/produto\/civic-sedan-exs-1-8-1-8-flex-16v-aut-4p\/","og_site_name":"gtautomoveis","article_publisher":"https:\/\/www.facebook.com\/people\/Gt-automveis\/100063469242310\/","twitter_card":"summary_large_image","schema":{"@context":"https:\/\/schema.org","@graph":[{"@type":"WebPage","@id":"https:\/\/gtautomoveislimeira.com.br\/index.php\/produto\/civic-sedan-exs-1-8-1-8-flex-16v-aut-4p\/","url":"https:\/\/gtautomoveislimeira.com.br\/index.php\/produto\/civic-sedan-exs-1-8-1-8-flex-16v-aut-4p\/","name":"Civic Sedan EXS 1.8 1.8 Flex 16V Aut. 4p - gtautomoveis","isPartOf":{"@id":"https:\/\/gtautomoveislimeira.com.br\/#website"},"primaryImageOfPage":{"@id":"https:\/\/gtautomoveislimeira.com.br\/index.php\/produto\/civic-sedan-exs-1-8-1-8-flex-16v-aut-4p\/#primaryimage"},"image":{"@id":"https:\/\/gtautomoveislimeira.com.br\/index.php\/produto\/civic-sedan-exs-1-8-1-8-flex-16v-aut-4p\/#primaryimage"},"thumbnailUrl":"https:\/\/gtautomoveislimeira.com.br\/wp-content\/uploads\/2026\/04\/gb-f2dc04f.jpeg","datePublished":"2026-04-30T15:10:01+00:00","breadcrumb":{"@id":"https:\/\/gtautomoveislimeira.com.br\/index.php\/produto\/civic-sedan-exs-1-8-1-8-flex-16v-aut-4p\/#breadcrumb"},"inLanguage":"pt-BR","potentialAction":[{"@type":"ReadAction","target":["https:\/\/gtautomoveislimeira.com.br\/index.php\/produto\/civic-sedan-exs-1-8-1-8-flex-16v-aut-4p\/"]}]},{"@type":"ImageObject","inLanguage":"pt-BR","@id":"https:\/\/gtautomoveislimeira.com.br\/index.php\/produto\/civic-sedan-exs-1-8-1-8-flex-16v-aut-4p\/#primaryimage","url":"https:\/\/gtautomoveislimeira.com.br\/wp-content\/uploads\/2026\/04\/gb-f2dc04f.jpeg","contentUrl":"https:\/\/gtautomoveislimeira.com.br\/wp-content\/uploads\/2026\/04\/gb-f2dc04f.jpeg","width":1024,"height":1024},{"@type":"BreadcrumbList","@id":"https:\/\/gtautomoveislimeira.com.br\/index.php\/produto\/civic-sedan-exs-1-8-1-8-flex-16v-aut-4p\/#breadcrumb","itemListElement":[{"@type":"ListItem","position":1,"name":"In\u00edcio","item":"https:\/\/gtautomoveislimeira.com.br\/"},{"@type":"ListItem","position":2,"name":"Loja","item":"https:\/\/gtautomoveislimeira.com.br\/index.php\/loja\/"},{"@type":"ListItem","position":3,"name":"Civic Sedan EXS 1.8 1.8 Flex 16V Aut. 4p"}]},{"@type":"WebSite","@id":"https:\/\/gtautomoveislimeira.com.br\/#website","url":"https:\/\/gtautomoveislimeira.com.br\/","name":"gtautomoveis","description":"","publisher":{"@id":"https:\/\/gtautomoveislimeira.com.br\/#organization"},"potentialAction":[{"@type":"SearchAction","target":{"@type":"EntryPoint","urlTemplate":"https:\/\/gtautomoveislimeira.com.br\/?s={search_term_string}"},"query-input":{"@type":"PropertyValueSpecification","valueRequired":true,"valueName":"search_term_string"}}],"inLanguage":"pt-BR"},{"@type":"Organization","@id":"https:\/\/gtautomoveislimeira.com.br\/#organization","name":"gtautomoveis","url":"https:\/\/gtautomoveislimeira.com.br\/","logo":{"@type":"ImageObject","inLanguage":"pt-BR","@id":"https:\/\/gtautomoveislimeira.com.br\/#\/schema\/logo\/image\/","url":"https:\/\/gtautomoveislimeira.com.br\/wp-content\/uploads\/2023\/03\/Design-sem-nome-e1653954456182-768x768-1.png","contentUrl":"https:\/\/gtautomoveislimeira.com.br\/wp-content\/uploads\/2023\/03\/Design-sem-nome-e1653954456182-768x768-1.png","width":768,"height":768,"caption":"gtautomoveis"},"image":{"@id":"https:\/\/gtautomoveislimeira.com.br\/#\/schema\/logo\/image\/"},"sameAs":["https:\/\/www.facebook.com\/people\/Gt-automveis\/100063469242310\/","https:\/\/www.instagram.com\/gt.automoveis_limeira\/"]}]}},"_links":{"self":[{"href":"https:\/\/gtautomoveislimeira.com.br\/index.php\/wp-json\/wp\/v2\/product\/22588","targetHints":{"allow":["GET"]}}],"collection":[{"href":"https:\/\/gtautomoveislimeira.com.br\/index.php\/wp-json\/wp\/v2\/product"}],"about":[{"href":"https:\/\/gtautomoveislimeira.com.br\/index.php\/wp-json\/wp\/v2\/types\/product"}],"replies":[{"embeddable":true,"href":"https:\/\/gtautomoveislimeira.com.br\/index.php\/wp-json\/wp\/v2\/comments?post=22588"}],"wp:featuredmedia":[{"embeddable":true,"href":"https:\/\/gtautomoveislimeira.com.br\/index.php\/wp-json\/wp\/v2\/media\/22577"}],"wp:attachment":[{"href":"https:\/\/gtautomoveislimeira.com.br\/index.php\/wp-json\/wp\/v2\/media?parent=22588"}],"wp:term":[{"taxonomy":"product_brand","embeddable":true,"href":"https:\/\/gtautomoveislimeira.com.br\/index.php\/wp-json\/wp\/v2\/product_brand?post=22588"},{"taxonomy":"product_cat","embeddable":true,"href":"https:\/\/gtautomoveislimeira.com.br\/index.php\/wp-json\/wp\/v2\/product_cat?post=22588"},{"taxonomy":"product_tag","embeddable":true,"href":"https:\/\/gtautomoveislimeira.com.br\/index.php\/wp-json\/wp\/v2\/product_tag?post=22588"}],"curies":[{"name":"wp","href":"https:\/\/api.w.org\/{rel}","templated":true}]}}